{"id":31893,"date":"2023-02-14T15:37:11","date_gmt":"2023-02-14T15:37:11","guid":{"rendered":"https:\/\/www.josedemello.pt\/?page_id=31893"},"modified":"2026-01-15T15:51:37","modified_gmt":"2026-01-15T15:51:37","slug":"governing-bodies","status":"publish","type":"page","link":"https:\/\/josedemello.pt\/en\/governing-bodies\/","title":{"rendered":"Governing Bodies"},"content":{"rendered":"\n<div class=\"wp-block-group narrow\"><div class=\"wp-block-group__inner-container is-layout-constrained wp-block-group-is-layout-constrained\">\n<div class=\"wp-block-columns is-layout-flex wp-container-core-columns-is-layout-9d6595d7 wp-block-columns-is-layout-flex\">\n<div class=\"wp-block-column is-layout-flow wp-block-column-is-layout-flow\">\n<h2 class=\"wp-block-heading\"><strong>Board of Directors<\/strong><\/h2>\n\n\n\n<hr class=\"wp-block-separator has-alpha-channel-opacity sep-small\"\/>\n\n\n\n<p><strong><strong>Chairman<\/strong><\/strong><br>Vasco Maria Guimar\u00e3es Jos\u00e9 de Mello<\/p>\n\n\n\n<p><strong><strong>Vice-Chairman<\/strong><\/strong><br>Pedro Maria Guimar\u00e3es Jos\u00e9 de Mello<br>Salvador Maria Guimar\u00e3es Jos\u00e9 de Mello<\/p>\n\n\n\n<p><strong><strong>Members<\/strong><\/strong><br>Ant\u00f3nio Horta Os\u00f3rio<br>Gon\u00e7alo Maria Guimar\u00e3es Jos\u00e9 de Mello<br>In\u00eas Caldeira<br>Jo\u00e3o Maria Guimar\u00e3es Jos\u00e9 de Mello<br>Jo\u00e3o Pedro Ribeiro de Azevedo Coutinho<br>Jo\u00e3o Pedro Stilwell Rocha e Melo<br>Lu\u00eds Eduardo Brito Freixial de Goes<br>Luisa Delgado<br>Ra\u00fal Catarino Galamba de Oliveira<br>Rui Alexandre Pires Diniz<\/p>\n\n\n\n<h2 class=\"wp-block-heading\"><strong>Board of the General Meeting<\/strong><\/h2>\n\n\n\n<hr class=\"wp-block-separator has-alpha-channel-opacity sep-small\"\/>\n\n\n\n<p><strong><strong>President<\/strong><\/strong><br>Leonor Sampaio Santos<\/p>\n\n\n\n<p><strong><strong>Secretary<\/strong><\/strong><br>Rute Isabel Dias Salgueiro<\/p>\n<\/div>\n\n\n\n<div class=\"wp-block-column is-layout-flow wp-block-column-is-layout-flow\">\n<h2 class=\"wp-block-heading\"><strong>Executive Commitee<\/strong><\/h2>\n\n\n\n<hr class=\"wp-block-separator has-alpha-channel-opacity sep-small\"\/>\n\n\n\n<p><strong><strong>CEO<\/strong><\/strong><br>Salvador Maria Guimar\u00e3es Jos\u00e9 de Mello<\/p>\n\n\n\n<p><strong><strong>Members<\/strong><\/strong><br>Jo\u00e3o Maria Guimar\u00e3es Jos\u00e9 de Mello<br>Jo\u00e3o Pedro Stilwell Rocha e Melo<br>Lu\u00eds Eduardo Brito Freixial de Goes<br>Rui Alexandre Pires Diniz<\/p>\n\n\n\n<p><\/p>\n\n\n\n<h2 class=\"wp-block-heading\"><strong>Company Secretary<\/strong><\/h2>\n\n\n\n<hr class=\"wp-block-separator has-alpha-channel-opacity sep-small\"\/>\n\n\n\n<p>Leonor Sampaio Santos<\/p>\n\n\n\n<p><strong><strong>Alternate<\/strong><\/strong><br>Rute Isabel Dias Salgueiro<\/p>\n\n\n\n<h2 class=\"wp-block-heading\"><strong>Auditor<\/strong><\/h2>\n\n\n\n<hr class=\"wp-block-separator has-alpha-channel-opacity sep-small\"\/>\n\n\n\n<p>RSM e Associados \u2013 SROC, Lda.<\/p>\n\n\n\n<p><strong><strong>Alternate<\/strong><\/strong><br>Ant\u00f3nio Jos\u00e9 Lino do Patroc\u00ednio Santos<\/p>\n<\/div>\n<\/div>\n<\/div><\/div>\n","protected":false},"excerpt":{"rendered":"<p>Board of Directors ChairmanVasco Maria Guimar\u00e3es Jos\u00e9 de Mello Vice-ChairmanPedro Maria Guimar\u00e3es Jos\u00e9 de MelloSalvador Maria Guimar\u00e3es Jos\u00e9 de Mello MembersAnt\u00f3nio Horta Os\u00f3rioGon\u00e7alo Maria Guimar\u00e3es Jos\u00e9 de MelloIn\u00eas CaldeiraJo\u00e3o Maria Guimar\u00e3es Jos\u00e9 de MelloJo\u00e3o Pedro Ribeiro de Azevedo CoutinhoJo\u00e3o Pedro Stilwell Rocha e MeloLu\u00eds Eduardo Brito Freixial de GoesLuisa DelgadoRa\u00fal Catarino Galamba de OliveiraRui Alexandre [&hellip;]<\/p>\n","protected":false},"author":1,"featured_media":31631,"parent":0,"menu_order":0,"comment_status":"closed","ping_status":"closed","template":"","meta":{"_acf_changed":false,"slim_seo":{"title":"Governing Bodies - Grupo Jos\u00e9 de Mello","description":"Board of Directors Chairman Vasco Maria Guimar\u00e3es Jos\u00e9 de Mello Vice-Chairman Pedro Maria Guimar\u00e3es Jos\u00e9 de Mello Salvador Maria Guimar\u00e3es Jos\u00e9 de Mello Members"},"footnotes":""},"class_list":["post-31893","page","type-page","status-publish","has-post-thumbnail","hentry"],"acf":[],"_links":{"self":[{"href":"https:\/\/josedemello.pt\/en\/wp-json\/wp\/v2\/pages\/31893","targetHints":{"allow":["GET"]}}],"collection":[{"href":"https:\/\/josedemello.pt\/en\/wp-json\/wp\/v2\/pages"}],"about":[{"href":"https:\/\/josedemello.pt\/en\/wp-json\/wp\/v2\/types\/page"}],"author":[{"embeddable":true,"href":"https:\/\/josedemello.pt\/en\/wp-json\/wp\/v2\/users\/1"}],"replies":[{"embeddable":true,"href":"https:\/\/josedemello.pt\/en\/wp-json\/wp\/v2\/comments?post=31893"}],"version-history":[{"count":6,"href":"https:\/\/josedemello.pt\/en\/wp-json\/wp\/v2\/pages\/31893\/revisions"}],"predecessor-version":[{"id":33477,"href":"https:\/\/josedemello.pt\/en\/wp-json\/wp\/v2\/pages\/31893\/revisions\/33477"}],"wp:featuredmedia":[{"embeddable":true,"href":"https:\/\/josedemello.pt\/en\/wp-json\/wp\/v2\/media\/31631"}],"wp:attachment":[{"href":"https:\/\/josedemello.pt\/en\/wp-json\/wp\/v2\/media?parent=31893"}],"curies":[{"name":"wp","href":"https:\/\/api.w.org\/{rel}","templated":true}]}}